{"id":104,"date":"2022-01-11T16:03:53","date_gmt":"2022-01-11T15:03:53","guid":{"rendered":"https:\/\/www.klimainitiative-windeck.de\/?page_id=104"},"modified":"2025-11-02T18:58:26","modified_gmt":"2025-11-02T17:58:26","slug":"energie","status":"publish","type":"page","link":"https:\/\/www.klimainitiative-windeck.de\/index.php\/themen\/energie\/","title":{"rendered":"Energie"},"content":{"rendered":"\n<p>Die Klimakrise mit D\u00fcrren und Unwetterkatastrophen erfordert einen konsequenten Umbau der Energieversorgung in Deutschland. Wir m\u00fcssen Energieunabh\u00e4ngigkeit und Verringerung des CO<sub>2-<\/sub>Aussto\u00dfes durch die Verbrennung fossiler Energien erreichen, wenn unsere Kinder und Enkelkinder noch eine vergleichbare Lebensqualit\u00e4t haben sollen.<\/p>\n\n\n\n<div id=\"ez-toc-container\" class=\"ez-toc-v2_0_82_2 counter-hierarchy ez-toc-counter ez-toc-light-blue ez-toc-container-direction\">\n<div class=\"ez-toc-title-container\">\n<p class=\"ez-toc-title\" style=\"cursor:inherit\">Inhaltsverzeichnis<\/p>\n<span class=\"ez-toc-title-toggle\"><a href=\"#\" class=\"ez-toc-pull-right ez-toc-btn ez-toc-btn-xs ez-toc-btn-default ez-toc-toggle\" aria-label=\"Toggle Table of Content\"><span class=\"ez-toc-js-icon-con\"><span class=\"\"><span class=\"eztoc-hide\" style=\"display:none;\">Toggle<\/span><span class=\"ez-toc-icon-toggle-span\"><svg style=\"fill: #999;color:#999\" xmlns=\"http:\/\/www.w3.org\/2000\/svg\" class=\"list-377408\" width=\"20px\" height=\"20px\" viewBox=\"0 0 24 24\" fill=\"none\"><path d=\"M6 6H4v2h2V6zm14 0H8v2h12V6zM4 11h2v2H4v-2zm16 0H8v2h12v-2zM4 16h2v2H4v-2zm16 0H8v2h12v-2z\" fill=\"currentColor\"><\/path><\/svg><svg style=\"fill: #999;color:#999\" class=\"arrow-unsorted-368013\" xmlns=\"http:\/\/www.w3.org\/2000\/svg\" width=\"10px\" height=\"10px\" viewBox=\"0 0 24 24\" version=\"1.2\" baseProfile=\"tiny\"><path d=\"M18.2 9.3l-6.2-6.3-6.2 6.3c-.2.2-.3.4-.3.7s.1.5.3.7c.2.2.4.3.7.3h11c.3 0 .5-.1.7-.3.2-.2.3-.5.3-.7s-.1-.5-.3-.7zM5.8 14.7l6.2 6.3 6.2-6.3c.2-.2.3-.5.3-.7s-.1-.5-.3-.7c-.2-.2-.4-.3-.7-.3h-11c-.3 0-.5.1-.7.3-.2.2-.3.5-.3.7s.1.5.3.7z\"\/><\/svg><\/span><\/span><\/span><\/a><\/span><\/div>\n<nav><ul class='ez-toc-list ez-toc-list-level-1 ' ><li class='ez-toc-page-1 ez-toc-heading-level-2'><a class=\"ez-toc-link ez-toc-heading-1\" href=\"https:\/\/www.klimainitiative-windeck.de\/index.php\/themen\/energie\/#Status_Quo_in_Windeck\" >Status Quo in Windeck<\/a><\/li><li class='ez-toc-page-1 ez-toc-heading-level-2'><a class=\"ez-toc-link ez-toc-heading-2\" href=\"https:\/\/www.klimainitiative-windeck.de\/index.php\/themen\/energie\/#Regenerative_Energietraeger_in_Windeck\" >Regenerative Energietr\u00e4ger in Windeck<\/a><\/li><li class='ez-toc-page-1 ez-toc-heading-level-2'><a class=\"ez-toc-link ez-toc-heading-3\" href=\"https:\/\/www.klimainitiative-windeck.de\/index.php\/themen\/energie\/#Was_tun_wir\" >Was tun wir<\/a><\/li><li class='ez-toc-page-1 ez-toc-heading-level-2'><a class=\"ez-toc-link ez-toc-heading-4\" href=\"https:\/\/www.klimainitiative-windeck.de\/index.php\/themen\/energie\/#Weitere_Beitraege_zum_Thema_Energie\" >Weitere Beitr\u00e4ge zum Thema Energie<\/a><\/li><\/ul><\/nav><\/div>\n<h2 class=\"wp-block-heading\"><span class=\"ez-toc-section\" id=\"Status_Quo_in_Windeck\"><\/span>Status Quo in Windeck<span class=\"ez-toc-section-end\"><\/span><\/h2>\n\n\n\n<p>In Windeck sind laut aktuellen Zahlen 6,3 MW<sub>p<\/sub> Fotovoltaik und 1,25 MW Wasserkraft installiert, die j\u00e4hrlich gesch\u00e4tzt 12,3 GWh Strom erzeugen, etwa h\u00e4lftig durch in den letzten 30 Jahren zugebaute Photovoltaik und h\u00e4lftig durch die Wasserkraftwerke in Schladern und Unkelm\u00fchle aus dem 19. Jahrhundert. Damit sind nur 20% des Stromverbrauchs in Windeck erneuerbar, weniger als ca. 50% im Bundesdurchschnitt.<\/p>\n\n\n\n<p>Auch die heute fossil betriebenen Heizungen und Kraftfahrzeuge m\u00fcssen aber k\u00fcnftig emissionsfrei werden \u2013&nbsp;mit Strom oder strombasierten Kraftstoffen. Nach aktuellen Studien wird sich der Stromverbrauch daher um einen Faktor 4-8 vervielfachen, um auch E-Autos und W\u00e4rmepumpen zu versorgen.<\/p>\n\n\n\n<p>Der gesamte Windecker Endenergieverbrauch betrug laut Klimaschutzkonzept im Jahr 2010 436 GWh und d\u00fcrfte sich laut Aussage der Studienautoren seither nicht wesentlich ge\u00e4ndert haben.<\/p>\n\n\n\n<p>Davon entf\u00e4llt ca. die H\u00e4lfte auf Kraftstoffe f\u00fcr Mobilit\u00e4t, ein Drittel auf W\u00e4rmeenergie (Heiz\u00f6l, Gas), nur ca. 14% sind Strom.<\/p>\n\n\n\n<p>Da nur 20% des Stroms erneuerbar erzeugt werden, bedeutet dies: Nur ca. 3% der gesamten in Windeck verbrauchten Endenergie wird regenerativ erzeugt. 97% sind fossil und werden f\u00fcr gesch\u00e4tzte 90 Mio. \u20ac\/Jahr nach Windeck importiert \u2013&nbsp;Geld das f\u00fcr lokale Wertsch\u00f6pfung verloren ist. Das zu \u00e4ndern w\u00e4re positiv f\u00fcr Energiesicherheit, Klima, lokale Wertsch\u00f6pfung und f\u00fcr alle WindeckerInnen, da auch die Kommune profitiert.<\/p>\n\n\n\n<h2 class=\"wp-block-heading\"><span class=\"ez-toc-section\" id=\"Regenerative_Energietraeger_in_Windeck\"><\/span>Regenerative Energietr\u00e4ger in Windeck<span class=\"ez-toc-section-end\"><\/span><\/h2>\n\n\n\n<p>Eine moderne gro\u00dfe Windenergieanlage (WEA) erzeugt ca. 15 GWh\/Jahr, mehr als bisher erneuerbar in Windeck erzeugt werden. 3 WEA k\u00f6nnten j\u00e4hrlich 45 GWh Strom erzeugen und damit etwa den heutigen Stromverbrauch decken. Um auch die k\u00fcnftig haupts\u00e4chlich strombasierte W\u00e4rme- und Mobilit\u00e4tsenergie erneuerbar zu erzeugen, und um energetisch unabh\u00e4ngig zu werden, br\u00e4uchte es jedoch mehr: Sinkt der Windecker Energieverbrauch (insbesondere f\u00fcr Mobilit\u00e4t) nicht drastisch, br\u00e4uchten wir 30 gro\u00dfe WEA, um den gesamten Verbrauch zu decken.<\/p>\n\n\n\n<p>Daher muss f\u00fcr die lokale Energiewende die Einsparung im Vordergrund stehen: Heiztemperatur senken, nicht ben\u00f6tigte R\u00e4ume weniger\/nicht heizen, weniger\/kleineres Auto fahren, H\u00e4user und Wohnungen d\u00e4mmen. F\u00fcr die Verkehrswende m\u00fcssen \u00d6PNV und Radwegenetz dringend ausgebaut werden, um den hohen Kraftstoffverbrauch zu reduzieren. Und Photovoltaikanlagen sollten auf jedes verf\u00fcgbare Dach.<\/p>\n\n\n\n<h2 class=\"wp-block-heading\"><span class=\"ez-toc-section\" id=\"Was_tun_wir\"><\/span>Was tun wir<span class=\"ez-toc-section-end\"><\/span><\/h2>\n\n\n\n<p>In der KlimaInitiative Windeck versuchen wir, Alternativen zur Energieerzeugung aufzuzeigen und M\u00f6glichkeiten zur Energieeinsparung zu erkennen und zu verbreiten.<\/p>\n\n\n\n<p>Dazu nutzen wir verschiedene Methoden der \u00d6ffentlichkeitsarbeit wie z.B. den <a href=\"https:\/\/www.klimainitiative-windeck.de\/index.php\/projekte\/energiemesse\/\" data-type=\"page\" data-id=\"118\">Tag der regenerativen Energie (Energiemesse)<\/a>, Demonstrationen, Pressearbeit&#8230;<\/p>\n\n\n\n<p>Wir bem\u00fchen uns um die Zusammenarbeit mit Firmen, Energie-Genossenschaften als Finanzierungstr\u00e4ger, Kommunen als Ansprechpartner und bieten Knowhow und Vermittlung bei der Umsetzung eines <a href=\"https:\/\/www.klimainitiative-windeck.de\/index.php\/projekte\/windpark-nutscheid\/\" data-type=\"page\" data-id=\"1112\">Windparks an der Nutscheid<\/a> an.<\/p>\n\n\n\n<p>Wir freuen uns \u00fcber weitere Mitarbeiter*innen. Kommen Sie am besten zu einer unserer Veranstaltungen oder zum monatlichen <a href=\"https:\/\/www.klimainitiative-windeck.de\/index.php\/ueber-uns\/#Naechster_Klimastammtisch\" data-type=\"page\" data-id=\"2\">Klimastammtisch<\/a>.<\/p>\n\n\n\n<h2 class=\"wp-block-heading\"><span class=\"ez-toc-section\" id=\"Weitere_Beitraege_zum_Thema_Energie\"><\/span><a id=\"_msocom_1\"><\/a>Weitere Beitr\u00e4ge zum Thema Energie<span class=\"ez-toc-section-end\"><\/span><\/h2>\n\n\n<div id=\"vsel\" class=\"vsel-shortcode vsel-shortcode-upcoming-events\"><p class=\"vsel-no-events\"><\/p><\/div>\n\n\n<ul class=\"wp-block-latest-posts__list wp-block-latest-posts\"><li><div class=\"wp-block-latest-posts__featured-image alignleft\"><img loading=\"lazy\" decoding=\"async\" width=\"150\" height=\"150\" src=\"https:\/\/www.klimainitiative-windeck.de\/wp-content\/uploads\/2025\/11\/Waermebild_aussen-150x150.jpg\" class=\"attachment-thumbnail size-thumbnail wp-post-image\" alt=\"Das W\u00e4rmebild einer Hauswand mit Giebel. Deutlich zu sehen sind W\u00e4rmebr\u00fccken ober und unterhalb der Fenster.\" style=\"\" \/><\/div><a class=\"wp-block-latest-posts__post-title\" href=\"https:\/\/www.klimainitiative-windeck.de\/index.php\/2025\/11\/02\/waermebildkamera-leihen\/\">W\u00e4rmebildkamera leihen<\/a><div class=\"wp-block-latest-posts__post-excerpt\">Die Klimainitiative Windeck bietet eine W\u00e4rmebildkamera zum Verleih \u00fcber unsere Teilbar \u2013 ein praktisches Werkzeug, um energetische Schwachstellen an Geb\u00e4uden sichtbar zu machen. Auch ein Vorher-Nachher-Vergleich bei energetischen Ma\u00dfnahmen ist interessant. Au\u00dferdem eignet sie sich, um W\u00e4rmequellen (also Energieverbraucher) im\u2026\u00a0<a class=\"wp-block-latest-posts__read-more\" href=\"https:\/\/www.klimainitiative-windeck.de\/index.php\/2025\/11\/02\/waermebildkamera-leihen\/\" rel=\"noopener noreferrer\"><span class=\"screen-reader-text\">W\u00e4rmebildkamera leihen <\/span>weiterlesen<\/a><\/div><\/li>\n<li><div class=\"wp-block-latest-posts__featured-image alignleft\"><img loading=\"lazy\" decoding=\"async\" width=\"150\" height=\"150\" src=\"https:\/\/www.klimainitiative-windeck.de\/wp-content\/uploads\/2025\/09\/Gespraech_Neubaur-150x150.jpg\" class=\"attachment-thumbnail size-thumbnail wp-post-image\" alt=\"Frau Neubaur sitzt mit Mitgliedern der KlimaInitiative Windeck in einem Kreis auf St\u00fchlen\" style=\"\" \/><\/div><a class=\"wp-block-latest-posts__post-title\" href=\"https:\/\/www.klimainitiative-windeck.de\/index.php\/2025\/09\/17\/gespraech-mit-der-wirtschaftsministerin-von-nrw\/\">Gespr\u00e4ch mit der Wirtschaftsministerin von NRW<\/a><div class=\"wp-block-latest-posts__post-excerpt\">Mona Neubaur (B\u00fcndnis 90 \/ Die Gr\u00fcnen) war zu Gast in Windeck. Beim \u201eFest f\u00fcr Windeck am 31.08.2025 nahm sie auf der Podiumsdiskussion zu verschiedenen Themen Stellung. Wir hatten die M\u00f6glichkeit, im Vorfeld eine halbe Stunde mit Frau Neubaur zu\u2026\u00a0<a class=\"wp-block-latest-posts__read-more\" href=\"https:\/\/www.klimainitiative-windeck.de\/index.php\/2025\/09\/17\/gespraech-mit-der-wirtschaftsministerin-von-nrw\/\" rel=\"noopener noreferrer\"><span class=\"screen-reader-text\">Gespr\u00e4ch mit der Wirtschaftsministerin von NRW <\/span>weiterlesen<\/a><\/div><\/li>\n<li><div class=\"wp-block-latest-posts__featured-image alignleft\"><img loading=\"lazy\" decoding=\"async\" width=\"150\" height=\"150\" src=\"https:\/\/www.klimainitiative-windeck.de\/wp-content\/uploads\/2025\/02\/Nahwaerme-150x150.jpeg\" class=\"attachment-thumbnail size-thumbnail wp-post-image\" alt=\"Im Vordergrund ein kleines Kl\u00e4rwerk umgeben von mehreren Wohnh\u00e4usern, die sich im Hintergrund mit H\u00fcgeln und einem Fluss und leichtem Nebel verlieren.\" style=\"\" \/><\/div><a class=\"wp-block-latest-posts__post-title\" href=\"https:\/\/www.klimainitiative-windeck.de\/index.php\/2025\/02\/08\/nahwaerme-in-windeck\/\">Nahw\u00e4rme in Windeck<\/a><div class=\"wp-block-latest-posts__post-excerpt\">Fast alle Wohneinheiten in Windeck verf\u00fcgen \u00fcber eine eigene Heizungsanlage oder eine zentrale Heizungsanlage, die das ganze Haus mit W\u00e4rme versorgt. Es ist jedoch auch m\u00f6glich die Heizungsw\u00e4rme \u00fcber ein W\u00e4rmenetz zu beziehen. Die ans W\u00e4rmenetz angeschlossenen Verbraucher*innen m\u00fcssen dann\u2026\u00a0<a class=\"wp-block-latest-posts__read-more\" href=\"https:\/\/www.klimainitiative-windeck.de\/index.php\/2025\/02\/08\/nahwaerme-in-windeck\/\" rel=\"noopener noreferrer\"><span class=\"screen-reader-text\">Nahw\u00e4rme in Windeck <\/span>weiterlesen<\/a><\/div><\/li>\n<li><div class=\"wp-block-latest-posts__featured-image alignleft\"><img loading=\"lazy\" decoding=\"async\" width=\"150\" height=\"150\" src=\"https:\/\/www.klimainitiative-windeck.de\/wp-content\/uploads\/2023\/01\/Energie_1200-edited-150x150.jpg\" class=\"attachment-thumbnail size-thumbnail wp-post-image\" alt=\"Zwei Windr\u00e4der auf einem Berg in der N\u00e4he von Windeck\" style=\"\" \/><\/div><a class=\"wp-block-latest-posts__post-title\" href=\"https:\/\/www.klimainitiative-windeck.de\/index.php\/2024\/10\/28\/bund-sagt-ja-zu-windenergie\/\">BUND sagt: &#8222;Ja zu Windenergie!&#8220;<\/a><div class=\"wp-block-latest-posts__post-excerpt\">Der BUND hat einen Argumentationsleitfaden f\u00fcr Windenergie und gegen g\u00e4ngige Mythen zum Windenergieausbau ver\u00f6ffentlicht. Kurz und knapp: Warum Windenergie?\u2192 Wind ist eine kosteng\u00fcnstige, ressourcenschonende und vielerorts verf\u00fcgbare Energiequelle\u2192 Strom aus Windenergie kann dezentral und verbraucherinnennah erzeugt werden, so kann lokale\u2026\u00a0<a class=\"wp-block-latest-posts__read-more\" href=\"https:\/\/www.klimainitiative-windeck.de\/index.php\/2024\/10\/28\/bund-sagt-ja-zu-windenergie\/\" rel=\"noopener noreferrer\"><span class=\"screen-reader-text\">BUND sagt: &#8222;Ja zu Windenergie!&#8220; <\/span>weiterlesen<\/a><\/div><\/li>\n<li><div class=\"wp-block-latest-posts__featured-image alignleft\"><img loading=\"lazy\" decoding=\"async\" width=\"150\" height=\"150\" src=\"https:\/\/www.klimainitiative-windeck.de\/wp-content\/uploads\/2022\/09\/Energie_1200-150x150.jpg\" class=\"attachment-thumbnail size-thumbnail wp-post-image\" alt=\"Zwei Windr\u00e4der auf einem Berg in der N\u00e4he von Windeck\" style=\"\" \/><\/div><a class=\"wp-block-latest-posts__post-title\" href=\"https:\/\/www.klimainitiative-windeck.de\/index.php\/2024\/09\/13\/faktencheck-und-reaktion-auf-den-online-beitrag-gegenwind-nutscheid\/\">Faktencheck und Reaktion auf den Online-Beitrag \u201eGegenwind Nutscheid\u201c<\/a><div class=\"wp-block-latest-posts__post-excerpt\">Vor gut einem Jahr informierten wir \u00fcber einen geplanten Windpark auf der Nutscheid. Es war zu erwarten, dass dieses Vorhaben nicht bei allen auf Gegenliebe st\u00f6\u00dft. Auch innerhalb der Klimainitiative gibt es kritische Stimmen. Auf der Website eines Windecker Mitb\u00fcrgers\u2026\u00a0<a class=\"wp-block-latest-posts__read-more\" href=\"https:\/\/www.klimainitiative-windeck.de\/index.php\/2024\/09\/13\/faktencheck-und-reaktion-auf-den-online-beitrag-gegenwind-nutscheid\/\" rel=\"noopener noreferrer\"><span class=\"screen-reader-text\">Faktencheck und Reaktion auf den Online-Beitrag \u201eGegenwind Nutscheid\u201c <\/span>weiterlesen<\/a><\/div><\/li>\n<\/ul>\n\n\n<p class=\"has-text-align-center\"><a href=\"https:\/\/www.klimainitiative-windeck.de\/index.php\/category\/aktuelles\/energie\/\" data-type=\"category\" data-id=\"7\">Alle Beitr\u00e4ge zu &#8222;Energie&#8220; anzeigen<\/a><\/p>\n\n\n\n<p><\/p>\n","protected":false},"excerpt":{"rendered":"<p>Die Klimakrise mit D\u00fcrren und Unwetterkatastrophen erfordert einen konsequenten Umbau der Energieversorgung in Deutschland. Wir m\u00fcssen Energieunabh\u00e4ngigkeit und Verringerung des CO2-Aussto\u00dfes durch die Verbrennung fossiler Energien erreichen, wenn unsere Kinder und Enkelkinder noch eine vergleichbare Lebensqualit\u00e4t haben sollen. Status Quo in Windeck In Windeck sind laut aktuellen Zahlen 6,3 MWp Fotovoltaik und 1,25 MW Wasserkraft [&hellip;]<\/p>\n","protected":false},"author":3,"featured_media":665,"parent":114,"menu_order":0,"comment_status":"closed","ping_status":"closed","template":"","meta":{"site-sidebar-layout":"default","site-content-layout":"boxed-container","ast-site-content-layout":"normal-width-container","site-content-style":"boxed","site-sidebar-style":"boxed","ast-global-header-display":"","ast-banner-title-visibility":"","ast-main-header-display":"","ast-hfb-above-header-display":"","ast-hfb-below-header-display":"","ast-hfb-mobile-header-display":"","site-post-title":"","ast-breadcrumbs-content":"","ast-featured-img":"","footer-sml-layout":"","ast-disable-related-posts":"","theme-transparent-header-meta":"","adv-header-id-meta":"","stick-header-meta":"","header-above-stick-meta":"","header-main-stick-meta":"","header-below-stick-meta":"","astra-migrate-meta-layouts":"set","ast-page-background-enabled":"default","ast-page-background-meta":{"desktop":{"background-color":"var(--ast-global-color-4)","background-image":"","background-repeat":"repeat","background-position":"center center","background-size":"auto","background-attachment":"scroll","background-type":"","background-media":"","overlay-type":"","overlay-color":"","overlay-opacity":"","overlay-gradient":""},"tablet":{"background-color":"","background-image":"","background-repeat":"repeat","background-position":"center center","background-size":"auto","background-attachment":"scroll","background-type":"","background-media":"","overlay-type":"","overlay-color":"","overlay-opacity":"","overlay-gradient":""},"mobile":{"background-color":"","background-image":"","background-repeat":"repeat","background-position":"center center","background-size":"auto","background-attachment":"scroll","background-type":"","background-media":"","overlay-type":"","overlay-color":"","overlay-opacity":"","overlay-gradient":""}},"ast-content-background-meta":{"desktop":{"background-color":"var(--ast-global-color-5)","background-image":"","background-repeat":"repeat","background-position":"center center","background-size":"auto","background-attachment":"scroll","background-type":"","background-media":"","overlay-type":"","overlay-color":"","overlay-opacity":"","overlay-gradient":""},"tablet":{"background-color":"var(--ast-global-color-5)","background-image":"","background-repeat":"repeat","background-position":"center center","background-size":"auto","background-attachment":"scroll","background-type":"","background-media":"","overlay-type":"","overlay-color":"","overlay-opacity":"","overlay-gradient":""},"mobile":{"background-color":"var(--ast-global-color-5)","background-image":"","background-repeat":"repeat","background-position":"center center","background-size":"auto","background-attachment":"scroll","background-type":"","background-media":"","overlay-type":"","overlay-color":"","overlay-opacity":"","overlay-gradient":""}},"footnotes":""},"class_list":["post-104","page","type-page","status-publish","has-post-thumbnail","hentry"],"_links":{"self":[{"href":"https:\/\/www.klimainitiative-windeck.de\/index.php\/wp-json\/wp\/v2\/pages\/104","targetHints":{"allow":["GET"]}}],"collection":[{"href":"https:\/\/www.klimainitiative-windeck.de\/index.php\/wp-json\/wp\/v2\/pages"}],"about":[{"href":"https:\/\/www.klimainitiative-windeck.de\/index.php\/wp-json\/wp\/v2\/types\/page"}],"author":[{"embeddable":true,"href":"https:\/\/www.klimainitiative-windeck.de\/index.php\/wp-json\/wp\/v2\/users\/3"}],"replies":[{"embeddable":true,"href":"https:\/\/www.klimainitiative-windeck.de\/index.php\/wp-json\/wp\/v2\/comments?post=104"}],"version-history":[{"count":0,"href":"https:\/\/www.klimainitiative-windeck.de\/index.php\/wp-json\/wp\/v2\/pages\/104\/revisions"}],"up":[{"embeddable":true,"href":"https:\/\/www.klimainitiative-windeck.de\/index.php\/wp-json\/wp\/v2\/pages\/114"}],"wp:featuredmedia":[{"embeddable":true,"href":"https:\/\/www.klimainitiative-windeck.de\/index.php\/wp-json\/wp\/v2\/media\/665"}],"wp:attachment":[{"href":"https:\/\/www.klimainitiative-windeck.de\/index.php\/wp-json\/wp\/v2\/media?parent=104"}],"curies":[{"name":"wp","href":"https:\/\/api.w.org\/{rel}","templated":true}]}}